{"id":2548,"date":"2019-12-09T12:47:32","date_gmt":"2019-12-09T10:47:32","guid":{"rendered":"https:\/\/kokoromi.philhist.uni-augsburg.de\/ethik-der-textkulturen.de\/?page_id=2548"},"modified":"2020-05-26T18:35:37","modified_gmt":"2020-05-26T16:35:37","slug":"datenschutz","status":"publish","type":"page","link":"https:\/\/ethik-der-textkulturen.de\/etk\/datenschutz\/","title":{"rendered":"Datenschutz"},"content":{"rendered":"\n<h3 class=\"has-vivid-cyan-blue-color has-text-color wp-block-heading\" id=\"iii-name-und-anschrift-des-datenschutzbeauftragten9489\"><strong>Name und Anschrift der Datenschutzbeauftragten<\/strong><\/h3>\n\n\n\n<p>Der Datenschutzbeauftragte der Universit\u00e4t Augsburg ist:<br>Prof. Dr. iur. Ulrich M. Gassner, Mag. rer. publ., M. Jur. (Oxon.)<br>Universit\u00e4tsstr. 24<br>86159 Augsburg<br>Tel.:\u00a0\u00a0 \u00a0\u00a0\u00a0\u00a0 +49 (0) 821 598-4600<br>Fax:\u00a0\u00a0 \u00a0\u00a0 \u00a0 +49 (0) 821 598-4591<br>E-Mail:\u00a0\u00a0\u00a0 <a href=\"javascript:window.location.href = 'mailto:' + ['ulrich.gassner', 'jura.uni-augsburg.de'].join('@')\">ulrich.gassner@jura.uni-augsburg.de<\/a><br>Website:\u00a0 <a href=\"https:\/\/www.uni-augsburg.de\/de\/organisation\/einrichtungen\/datenschutz\/\">www.uni-augsburg.de\/organisation\/einrichtungen\/datenschutz\/<\/a><\/p>\n\n\n\n<p>Der Datenschutzbeauftragte der Friedrich-Alexander-Universit\u00e4t Erlangen-N\u00fcrnberg ist:<br>Norbert G\u00e4rtner, RD<br>Schlo\u00dfplatz 4<br>91054 Erlangen<br>Tel.:\u00a0\u00a0 \u00a0\u00a0\u00a0\u00a0 +49 (0) 9131 85-25860<br>Fax:\u00a0\u00a0 \u00a0\u00a0 \u00a0 +49 (0)9131) 85-70239<br>E-Mail:\u00a0\u00a0\u00a0 <a href=\"javascript:window.location.href = 'mailto:' + ['datenschutzbeauftragter@fau.de'].join('@')\"><\/a><a href=\"mailto:datenschutzbeauftragter@fau.de\">datenschutzbeauftragter@fau.de<\/a><br><\/p>\n\n\n\n<div style=\"height:47px\" aria-hidden=\"true\" class=\"wp-block-spacer\"><\/div>\n\n\n\n<h3 class=\"has-vivid-cyan-blue-color has-text-color wp-block-heading\">Allgemeines zur Datenverarbeitung<\/h3>\n\n\n\n<h5 class=\"has-very-dark-gray-color has-text-color wp-block-heading\">Umfang der Verarbeitung personenbezogener Daten<\/h5>\n\n\n\n<p>Wir verarbeiten personenbezogene Daten unserer Nutzer grunds\u00e4tzlich nur, soweit dies zur Bereitstellung einem funktionsf\u00e4higen Webauftrittes sowie unserer Inhalte und Leistungen erforderlich ist. Die Verarbeitung personenbezogener Daten unserer Nutzer erfolgt regelm\u00e4\u00dfig nur nach Einwilligung des Nutzers. Eine Ausnahme gilt in solchen F\u00e4llen, in denen eine vorherige Einholung einer Einwilligung aus tats\u00e4chlichen Gr\u00fcnden nicht m\u00f6glich ist und die Verarbeitung der Daten durch gesetzliche Vorschriften gestattet ist.<\/p>\n\n\n\n<div style=\"height:20px\" aria-hidden=\"true\" class=\"wp-block-spacer\"><\/div>\n\n\n\n<h5 class=\"has-very-dark-gray-color has-text-color wp-block-heading\">Rechtsgrundlage f\u00fcr die Verarbeitung personenbezogener Daten<\/h5>\n\n\n\n<p>Soweit wir f\u00fcr Verarbeitungsvorg\u00e4nge personenbezogener Daten eine Einwilligung der betroffenen Person einholen, dient Art. 6 Abs. 1 lit. a EU-Datenschutzgrundverordnung (DSGVO) als Rechtsgrundlage.<br>Bei der Verarbeitung von personenbezogenen Daten, die zur Erf\u00fcllung eines Vertrages, dessen Vertragspartei die betroffene Person ist, erforderlich ist, dient Art. 6 Abs. 1 lit. b DSGVO als Rechtsgrundlage. Dies gilt auch f\u00fcr Verarbeitungsvorg\u00e4nge, die zur Durchf\u00fchrung vorvertraglicher Ma\u00dfnahmen erforderlich sind.<br>Soweit eine Verarbeitung personenbezogener Daten zur Erf\u00fcllung einer rechtlichen Verpflichtung erforderlich ist, der unserer Universit\u00e4t unterliegt, dient Art. 6 Abs. 1 lit. c DSGVO als Rechtsgrundlage.<br>F\u00fcr den Fall, dass lebenswichtige Interessen der betroffenen Person oder einer anderen nat\u00fcrlichen Person eine Verarbeitung personenbezogener Daten erforderlich machen, dient Art. 6 Abs. 1 lit. d DSGVO als Rechtsgrundlage.<br>Ist die Verarbeitung zur Erf\u00fcllung der gesetzlichen Aufgaben unserer Universit\u00e4t erforderlich, bildet Art. 6 Abs. 1 lit. e DSGVO i.V.m. Art. 4 und 5 BayDSG die Rechtsgrundlage f\u00fcr die Verarbeitung. Viele unserer Aufgaben ergeben sich aus Art. 2 BayHSchG.<\/p>\n\n\n\n<div style=\"height:20px\" aria-hidden=\"true\" class=\"wp-block-spacer\"><\/div>\n\n\n\n<h5 class=\"has-very-dark-gray-color has-text-color wp-block-heading\">Datenl\u00f6schung und Speicherdauer<\/h5>\n\n\n\n<p>Wir speichern Ihre personenbezogenen Daten nur so lange, wie dies zur Erf\u00fcllung unserer gesetzlichen Aufgaben bzw. der jeweiligen Verarbeitungst\u00e4tigkeit erforderlich ist. In der Regel bewahren wir personenbezogene Daten 10 Jahre lang nach der Entstehung auf. Eine \u00dcbergabe an staatliche Archive bleibt dazu unber\u00fchrt. Eine Speicherung kann dar\u00fcber hinaus erfolgen, wenn dies durch den europ\u00e4ischen oder nationalen Gesetzgeber in unionsrechtlichen Verordnungen, Gesetzen oder sonstigen Vorschriften, denen der Verantwortliche unterliegt, vorgesehen wurde. Eine Sperrung oder L\u00f6schung der Daten erfolgt auch dann, wenn eine durch die genannten Normen vorgeschriebene Speicherfrist abl\u00e4uft, es sei denn, dass eine Erforderlichkeit zur weiteren Speicherung der Daten f\u00fcr einen Vertragsabschluss oder eine Vertragserf\u00fcllung besteht.<\/p>\n\n\n\n<div style=\"height:49px\" aria-hidden=\"true\" class=\"wp-block-spacer\"><\/div>\n\n\n\n<h3 class=\"has-vivid-cyan-blue-color has-text-color wp-block-heading\">Bereitstellung des Webauftrittes und Erstellung von Logfiles<\/h3>\n\n\n\n<h5 class=\"has-very-dark-gray-color has-text-color wp-block-heading\">Beschreibung und Umfang der Datenverarbeitung<\/h5>\n\n\n\n<p>Bei jedem Aufruf unserer Internetseite erfasst unser System automatisiert Daten und Informationen vom Computersystem des aufrufenden Rechners.<br>Folgende Daten werden hierbei erhoben:<\/p>\n\n\n\n<ul><li>die Adresse (URL) der Webseite, von der aus die Datei angefordert wurde<\/li><li>der Name der aufgerufenen Datei<\/li><li>das Datum und die Uhrzeit der Anforderung<\/li><li>die \u00fcbertragene Datenmenge<\/li><li>der Zugriffsstatus (Datei \u00fcbertragen, Datei nicht gefunden, etc.)<\/li><li>die Beschreibung des verwendeten Webbrowsertyps bzw. des verwendeten Betriebssystems<\/li><li>die anonymisierte IP-Adresse des anfordernden Rechners.<\/li><\/ul>\n\n\n\n<p>Die gespeicherten Daten werden ausschlie\u00dflich zu technischen oder statistischen Zwecken ben\u00f6tigt; ein Abgleich mit anderen Datenbest\u00e4nden oder gar eine Weitergabe an Dritte, auch in Ausz\u00fcgen, findet nicht statt. Die Daten werden in den Logfiles unseres Systems gespeichert. Nicht hiervon betroffen sind die IP-Adressen des Nutzers oder andere Daten, die die Zuordnung der Daten zu einem Nutzer erm\u00f6glichen: Vor der Speicherung wird jeder Datensatz durch Ver\u00e4nderung der IP-Adresse anonymisiert. Eine Speicherung dieser Daten zusammen mit anderen personenbezogenen Daten des Nutzers findet nicht statt.<\/p>\n\n\n\n<div style=\"height:20px\" aria-hidden=\"true\" class=\"wp-block-spacer\"><\/div>\n\n\n\n<h5 class=\"has-very-dark-gray-color has-text-color wp-block-heading\">Rechtsgrundlage f\u00fcr die Datenverarbeitung<\/h5>\n\n\n\n<p>Rechtsgrundlage f\u00fcr die vor\u00fcbergehende Speicherung der Daten und der Logfiles ist \u00a7\u00a7 14, 15 TMG, \u00a7 100 Abs. 1 TKG sowie Art. 4 BayDSG folgend aus den Aufgaben des Art. 11 BayEGovG und Art. 7 und 34 BayHO.<\/p>\n\n\n\n<div style=\"height:20px\" aria-hidden=\"true\" class=\"wp-block-spacer\"><\/div>\n\n\n\n<h5 class=\"has-very-dark-gray-color has-text-color wp-block-heading\">Zweck der Datenverarbeitung<\/h5>\n\n\n\n<p>Die vor\u00fcbergehende Speicherung der IP-Adresse durch das System ist notwendig, um eine Auslieferung des Webauftrittes an den Rechner des Nutzers zu erm\u00f6glichen. Hierf\u00fcr muss die IP-Adresse des Nutzers f\u00fcr die Dauer der Sitzung gespeichert bleiben.<br>Die Speicherung in Logfiles erfolgt, um die Funktionsf\u00e4higkeit des Webauftrittes sicherzustellen. Zudem dienen uns die Daten zur Optimierung des Webauftrittes und zur Sicherstellung der Sicherheit unserer informationstechnischen Systeme. Eine Auswertung der Daten zu Marketingzwecken findet in diesem Zusammenhang nicht statt.<\/p>\n\n\n\n<div style=\"height:20px\" aria-hidden=\"true\" class=\"wp-block-spacer\"><\/div>\n\n\n\n<h5 class=\"has-very-dark-gray-color has-text-color wp-block-heading\">Dauer der Speicherung<\/h5>\n\n\n\n<p>Die Daten werden gel\u00f6scht, sobald sie f\u00fcr die Erreichung des Zweckes ihrer Erhebung nicht mehr erforderlich sind. Im Falle der Erfassung der Daten zur Bereitstellung des Webauftrittes ist dies der Fall, wenn die jeweilige Sitzung beendet ist.<br>Im Falle der Speicherung der Daten in Logfiles ist dies nach sp\u00e4testens sieben Tagen der Fall. Eine dar\u00fcberhinausgehende Speicherung ist m\u00f6glich. In diesem Fall werden die IP-Adressen der Nutzer gel\u00f6scht oder verfremdet, sodass eine Zuordnung des aufrufenden Clients nicht mehr m\u00f6glich ist.<\/p>\n\n\n\n<div style=\"height:20px\" aria-hidden=\"true\" class=\"wp-block-spacer\"><\/div>\n\n\n\n<h5 class=\"has-very-dark-gray-color has-text-color wp-block-heading\">Widerspruchs- und Beseitigungsm\u00f6glichkeit<\/h5>\n\n\n\n<p>Die Erfassung der Daten zur Bereitstellung des Webauftrittes und die Speicherung der Daten in Logfiles ist f\u00fcr den Betrieb der Internetseite zwingend erforderlich. Es besteht folglich seitens des Nutzers keine Widerspruchsm\u00f6glichkeit.<\/p>\n\n\n\n<div style=\"height:60px\" aria-hidden=\"true\" class=\"wp-block-spacer\"><\/div>\n\n\n\n<h3 class=\"has-vivid-cyan-blue-color has-text-color wp-block-heading\">Verwendung von Cookies<\/h3>\n\n\n\n<h5 class=\"wp-block-heading\">Beschreibung und Umfang der Datenverarbeitung<\/h5>\n\n\n\n<p>Unsere Webseite verwendet Cookies. Bei Cookies handelt es sich um Textdateien, die im Internetbrowser bzw. vom Internetbrowser auf dem Computersystem des Nutzers gespeichert werden. Ruft ein Nutzer einen Webauftritt auf, so kann ein Cookie auf dem Betriebssystem des Nutzers gespeichert werden. Dieser Cookie enth\u00e4lt eine charakteristische Zeichenfolge, die eine eindeutige Identifizierung des Browsers beim erneuten Aufrufen des Webauftrittes erm\u00f6glicht.<\/p>\n\n\n\n<p>Wir setzen Cookies ein, um unseren Webauftritt nutzerfreundlicher zu gestalten. Einige Elemente unserer Internetseite erfordern es, dass der aufrufende Browser auch nach einem Seitenwechsel identifiziert werden kann.<br>In den Cookies werden dabei folgende Daten gespeichert und \u00fcbermittelt:<\/p>\n\n\n\n<ul><li>Log-In-Informationen (im Falle von angemeldeten Redakteuren und Autoren)<\/li><li>Bevorzugte Auswahl der Suchmaschine (bei Nutzung der Suchfunktion)<\/li><\/ul>\n\n\n\n<p>Die auf diese Weise erhobenen Daten der Nutzer werden durch technische Vorkehrungen pseudonymisiert. Daher ist eine Zuordnung der Daten zum aufrufenden Nutzer nicht mehr m\u00f6glich. Die Daten werden nicht gemeinsam mit sonstigen personenbezogenen Daten der Nutzer gespeichert.<br>Beim Aufruf unseren Webauftritt werden die Nutzer durch einen Infobanner \u00fcber die Verwendung von Cookies zu Analysezwecken informiert und auf diese Datenschutzerkl\u00e4rung verwiesen. Es erfolgt in diesem Zusammenhang auch ein Hinweis darauf, wie die Speicherung von Cookies in den Browsereinstellungen unterbunden werden kann.<\/p>\n\n\n\n<div style=\"height:20px\" aria-hidden=\"true\" class=\"wp-block-spacer\"><\/div>\n\n\n\n<h5 class=\"wp-block-heading\">Rechtsgrundlage f\u00fcr die Datenverarbeitung<\/h5>\n\n\n\n<p>Rechtsgrundlage f\u00fcr die vor\u00fcbergehende Speicherung der Daten und der Logfiles ist \u00a7\u00a7 14, 15 TMG, \u00a7 100 Abs. 1 TKG sowie Art. 4 BayDSG folgend aus den Aufgaben des Art. 11 BayEGovG und Art. 7 und 34 BayHO<\/p>\n\n\n\n<div style=\"height:20px\" aria-hidden=\"true\" class=\"wp-block-spacer\"><\/div>\n\n\n\n<h5 class=\"wp-block-heading\">Zweck der Datenverarbeitung<\/h5>\n\n\n\n<p>Die Verwendung der Analyse-Cookies erfolgt zu dem Zweck, die Qualit\u00e4t unseren Webauftritt und ihre Inhalte zu verbessern. Durch die Analyse-Cookies erfahren wir, wie der Webauftritt genutzt wird und k\u00f6nnen so unser Angebot stetig optimieren.<\/p>\n\n\n\n<div style=\"height:20px\" aria-hidden=\"true\" class=\"wp-block-spacer\"><\/div>\n\n\n\n<h5 class=\"wp-block-heading\">Dauer der Speicherung, Widerspruchs- und Beseitigungsm\u00f6glichkeit<\/h5>\n\n\n\n<p>Cookies werden auf dem Rechner des Nutzers gespeichert und von diesem an unserer Seite \u00fcbermittelt. Daher haben Sie als Nutzer auch die volle Kontrolle \u00fcber die Verwendung von Cookies. Durch eine \u00c4nderung der Einstellungen in Ihrem Internetbrowser k\u00f6nnen Sie die \u00dcbertragung von Cookies deaktivieren oder einschr\u00e4nken. Bereits gespeicherte Cookies k\u00f6nnen jederzeit gel\u00f6scht werden. Dies kann auch automatisiert erfolgen. Werden Cookies f\u00fcr unseren Webauftritt deaktiviert, k\u00f6nnen m\u00f6glicherweise nicht mehr alle Funktionen des Webauftrittes vollumf\u00e4nglich genutzt werden.<\/p>\n\n\n\n<div style=\"height:57px\" aria-hidden=\"true\" class=\"wp-block-spacer\"><\/div>\n\n\n\n<h3 class=\"has-vivid-cyan-blue-color has-text-color wp-block-heading\">SSL-Verschl\u00fcsselung<\/h3>\n\n\n\n<p>Diese Seite nutzt aus Gr\u00fcnden der Sicherheit und zum Schutz der \u00dcbertragung vertraulicher Inhalte, wie zum Beispiel der Anfragen, die Sie an uns als Seitenbetreiber senden, eine SSL-Verschl\u00fcsselung. Eine verschl\u00fcsselte Verbindung erkennen Sie daran, dass die Adresszeile des Browsers von <code>http:\/\/<\/code> auf <code>https:\/\/<\/code> wechselt und an dem Schloss-Symbol in Ihrer Browserzeile.<\/p>\n\n\n\n<p>Wenn die SSL Verschl\u00fcsselung aktiviert ist, k\u00f6nnen die Daten, die Sie an uns \u00fcbermitteln, nicht von Dritten mitgelesen werden.<\/p>\n\n\n\n<div style=\"height:63px\" aria-hidden=\"true\" class=\"wp-block-spacer\"><\/div>\n\n\n\n<h3 class=\"has-vivid-cyan-blue-color has-text-color wp-block-heading\">Rechte der betroffenen Person<\/h3>\n\n\n\n<p>Hinsichtlich der Verarbeitung Ihrer personenbezogenen Daten stehen Ihnen als einer betroffenen Person die nachfolgend genannten Rechte gem\u00e4\u00df Art. 15 ff. DSGVO zu:<\/p>\n\n\n\n<ul><li>Sie k\u00f6nnen <strong>Auskunft<\/strong> dar\u00fcber verlangen, ob wir personenbezogene Daten von Ihnen verarbeiten. Ist dies der Fall, so haben Sie ein Recht auf Auskunft \u00fcber diese personenbezogenen Daten sowie auf weitere mit der Verarbeitung zusammenh\u00e4ngende Informationen (Art. 15 DSGVO). Bitte beachten Sie, dass dieses Auskunftsrecht in bestimmten F\u00e4llen eingeschr\u00e4nkt oder ausgeschlossen sein kann (vgl. insbesondere Art. 10 BayDSG).<\/li><li>F\u00fcr den Fall, dass personenbezogene Daten \u00fcber Sie nicht (mehr) zutreffend oder unvollst\u00e4ndig sind, k\u00f6nnen Sie eine <strong>Berichtigung<\/strong> und gegebenenfalls <strong>Vervollst\u00e4ndigung<\/strong> dieser Daten verlangen (Art. 16 DSGVO).<\/li><li>Bei Vorliegen der gesetzlichen Voraussetzungen k\u00f6nnen Sie die <strong>L\u00f6schung<\/strong> Ihrer personenbezogenen Daten (Art. 17 DSGVO) oder die <strong>Einschr\u00e4nkung der Verarbeitung<\/strong> dieser Daten (Art. 18 DSGVO) verlangen. Das Recht auf L\u00f6schung nach Art. 17 Abs. 1 und 2 DSGVO besteht jedoch unter anderem dann nicht, wenn die Verarbeitung personenbezogener Daten erforderlich ist zur Wahrnehmung einer Aufgabe. Die im \u00f6ffentlichen Interesse liegt oder in Aus\u00fcbung \u00f6ffentlicher Gewalt erfolgt (Art. 17 Abs. 3 Buchst. b DSGVO).<\/li><li>Sie haben das Recht, soweit Sie eine Einwilligung in die Verarbeitung gegeben haben, diese jederzeit zu widerrufen. Der Widerruf wirkt erst f\u00fcr die Zukunft; das hei\u00dft, durch den Widerruf wird die Rechtm\u00e4\u00dfigkeit der aufgrund der Einwilligung bis zum Widerruf erfolgten Verarbeitungen nicht ber\u00fchrt.<\/li><li><strong>Aus Gr\u00fcnden, die sich aus Ihrer besonderen Situation ergeben, k\u00f6nnen Sie der Verarbeitung Sie betreffender personenbezogener Daten durch uns zudem jederzeit widersprechen (Art. 21 DSGVO).<\/strong> Sofern die gesetzlichen Voraussetzungen vorliegen, verarbeiten wir in der Folge Ihre personenbezogenen Daten nicht mehr.<\/li><li>Soweit Sie in die Verarbeitung eingewilligt haben oder zur Vertragserf\u00fcllung erfolgt und die Datenverarbeitung mithilfe automatisierter Verfahren durchgef\u00fchrt wird, steht Ihnen gegebenenfalls ein Recht auf Daten\u00fcbertragbarkeit zu (Art. 20 DSGVO).<\/li><li>Sie haben das Recht, sich bei einer Aufsichtsbeh\u00f6rde im Sinn des Art. 51 DSGVO \u00fcber die Verarbeitung Ihrer personenbezogenen Daten zu beschweren. Zust\u00e4ndige Aufsichtsbeh\u00f6rde f\u00fcr bayerische \u00f6ffentliche Stellen ist der Bayerische Landesbeauftragte f\u00fcr den Datenschutz, Wagm\u00fcllerstra\u00dfe 18, 80538 M\u00fcnchen.<\/li><\/ul>\n","protected":false},"excerpt":{"rendered":"<div class=\"mh-excerpt\"><p>Name und Anschrift der Datenschutzbeauftragten Der Datenschutzbeauftragte der Universit\u00e4t Augsburg ist:Prof. Dr. iur. Ulrich M. Gassner, Mag. rer. publ., M. Jur. (Oxon.)Universit\u00e4tsstr. 2486159 AugsburgTel.:\u00a0\u00a0 \u00a0\u00a0\u00a0\u00a0 <a class=\"mh-excerpt-more\" href=\"https:\/\/ethik-der-textkulturen.de\/etk\/datenschutz\/\" title=\"Datenschutz\">[&#8230;]<\/a><\/p>\n<\/div>","protected":false},"author":15,"featured_media":0,"parent":0,"menu_order":0,"comment_status":"closed","ping_status":"closed","template":"","meta":{"footnotes":""},"_links":{"self":[{"href":"https:\/\/ethik-der-textkulturen.de\/etk\/wp-json\/wp\/v2\/pages\/2548"}],"collection":[{"href":"https:\/\/ethik-der-textkulturen.de\/etk\/wp-json\/wp\/v2\/pages"}],"about":[{"href":"https:\/\/ethik-der-textkulturen.de\/etk\/wp-json\/wp\/v2\/types\/page"}],"author":[{"embeddable":true,"href":"https:\/\/ethik-der-textkulturen.de\/etk\/wp-json\/wp\/v2\/users\/15"}],"replies":[{"embeddable":true,"href":"https:\/\/ethik-der-textkulturen.de\/etk\/wp-json\/wp\/v2\/comments?post=2548"}],"version-history":[{"count":4,"href":"https:\/\/ethik-der-textkulturen.de\/etk\/wp-json\/wp\/v2\/pages\/2548\/revisions"}],"predecessor-version":[{"id":3161,"href":"https:\/\/ethik-der-textkulturen.de\/etk\/wp-json\/wp\/v2\/pages\/2548\/revisions\/3161"}],"wp:attachment":[{"href":"https:\/\/ethik-der-textkulturen.de\/etk\/wp-json\/wp\/v2\/media?parent=2548"}],"curies":[{"name":"wp","href":"https:\/\/api.w.org\/{rel}","templated":true}]}}